{"id":1161,"date":"2024-02-04T15:55:07","date_gmt":"2024-02-04T14:55:07","guid":{"rendered":"https:\/\/jeanbruneau.com\/?post_type=project&#038;p=1161"},"modified":"2024-03-14T11:49:25","modified_gmt":"2024-03-14T10:49:25","slug":"dilion-et-dithaque","status":"publish","type":"project","link":"https:\/\/jeanbruneau.com\/en\/project\/dilion-et-dithaque\/","title":{"rendered":"From Ilion and Ithaca"},"content":{"rendered":"\n[et_pb_section fb_built=\u00a0\u00bb1&Prime; _builder_version=\u00a0\u00bb4.23.4&Prime; _module_preset=\u00a0\u00bbdefault\u00a0\u00bb global_colors_info=\u00a0\u00bb{}\u00a0\u00bb][et_pb_row _builder_version=\u00a0\u00bb4.23.4&Prime; _module_preset=\u00a0\u00bbdefault\u00a0\u00bb global_colors_info=\u00a0\u00bb{}\u00a0\u00bb][et_pb_column type=\u00a0\u00bb4_4&Prime; _builder_version=\u00a0\u00bb4.23.4&Prime; _module_preset=\u00a0\u00bbdefault\u00a0\u00bb global_colors_info=\u00a0\u00bb{}\u00a0\u00bb][et_pb_text _builder_version=\u00a0\u00bb4.23.4&Prime; _dynamic_attributes=\u00a0\u00bbcontent\u00a0\u00bb _module_preset=\u00a0\u00bbdefault\u00a0\u00bb header_text_align=\u00a0\u00bbcenter\u00a0\u00bb global_colors_info=\u00a0\u00bb{}\u00a0\u00bb]@ET-DC@eyJkeW5hbWljIjp0cnVlLCJjb250ZW50IjoicG9zdF90aXRsZSIsInNldHRpbmdzIjp7ImJlZm9yZSI6IjxoMT4iLCJhZnRlciI6IjwvaDE+In19@[\/et_pb_text][\/et_pb_column][\/et_pb_row][et_pb_row use_custom_gutter=\u00a0\u00bbon\u00a0\u00bb gutter_width=\u00a0\u00bb2&Prime; make_equal=\u00a0\u00bbon\u00a0\u00bb _builder_version=\u00a0\u00bb4.23.4&Prime; _module_preset=\u00a0\u00bbdefault\u00a0\u00bb width=\u00a0\u00bb95%\u00a0\u00bb max_width=\u00a0\u00bb95%\u00a0\u00bb global_colors_info=\u00a0\u00bb{}\u00a0\u00bb][et_pb_column type=\u00a0\u00bb4_4&Prime; _builder_version=\u00a0\u00bb4.23.4&Prime; _module_preset=\u00a0\u00bbdefault\u00a0\u00bb global_colors_info=\u00a0\u00bb{}\u00a0\u00bb][et_pb_text _builder_version=\u00a0\u00bb4.23.4&Prime; _module_preset=\u00a0\u00bbdefault\u00a0\u00bb custom_padding=\u00a0\u00bb13px||0px|||\u00a0\u00bb global_colors_info=\u00a0\u00bb{}\u00a0\u00bb]<p><strong>\u00a0D\u2019 ILION\u00a0 ET\u00a0 ITHAQUE<\/strong><\/p>\n<p>P\u00e2ris, un des fils de Priam, roi d\u2019Ilion, enl\u00e8ve H\u00e9l\u00e8ne de Sparte, femme du roi M\u00e9n\u00e9nas. Pour venger cet affront, les Grecs se rassemblent sous le commandement d\u2019Agamemnon, qui sacrifie sa fille Iphig\u00e9nie en \u00e9change d&rsquo;un vent favorable \u00e0 la flotte grecque. Le si\u00e8ge d\u2019Ilion durera 10 ans avec des fortunes diverses : Grecs et Troyens s\u2019affrontent, favoris\u00e9s ou trahis par les dieux attentifs.Hector, le troyen, tue Patrocle qui combattait sous la cuirasse d\u2019Achille, avant de tomber \u00e0 son tour sous les coups du h\u00e9ros qui trainera son corps sous les remparts. La ville d\u2019Ilion succombera, pill\u00e9e et incendi\u00e9e par les Grecs qui abus\u00e8rent les Troyens en simulant leur d\u00e9part : quelques Grecs cach\u00e9s dans un cheval de bois ouvriront les portes aux envahisseurs.<\/p>\n<p>&nbsp;<\/p>[\/et_pb_text][et_pb_gallery gallery_ids=\u00a0\u00bb1151,1152,1153,1154,1155,1156,1157,1158,1138,1139,1140,1141,1142,1143,1144,1145,1146,1147,1148,1149,1150&Prime; posts_number=\u00a0\u00bb20&Prime; show_title_and_caption=\u00a0\u00bboff\u00a0\u00bb zoom_icon_color=\u00a0\u00bb#FFFFFF\u00a0\u00bb hover_overlay_color=\u00a0\u00bbrgba(0,0,0,0.31)\u00a0\u00bb hover_icon=\u00a0\u00bb&#x55;||divi||400&Prime; _builder_version=\u00a0\u00bb4.24.0&Prime; _module_preset=\u00a0\u00bbdefault\u00a0\u00bb text_orientation=\u00a0\u00bbcenter\u00a0\u00bb global_colors_info=\u00a0\u00bb{}\u00a0\u00bb][\/et_pb_gallery][\/et_pb_column][\/et_pb_row][\/et_pb_section]\n","protected":false},"excerpt":{"rendered":"<p>\u00a0D\u2019 ILION\u00a0 ET\u00a0 ITHAQUE P\u00e2ris, un des fils de Priam, roi d\u2019Ilion, enl\u00e8ve H\u00e9l\u00e8ne de Sparte, femme du roi M\u00e9n\u00e9nas. Pour venger cet affront, les Grecs se rassemblent sous le commandement d\u2019Agamemnon, qui sacrifie sa fille Iphig\u00e9nie en \u00e9change d&rsquo;un vent favorable \u00e0 la flotte grecque. Le si\u00e8ge d\u2019Ilion durera 10 ans avec des fortunes diverses : Grecs et Troyens s\u2019affrontent, favoris\u00e9s ou trahis par les dieux attentifs.Hector, le troyen, tue Patrocle qui combattait sous la cuirasse d\u2019Achille, avant de tomber \u00e0 son tour sous les coups du h\u00e9ros qui trainera son corps sous les remparts. La ville d\u2019Ilion succombera, pill\u00e9e et incendi\u00e9e par les Grecs qui abus\u00e8rent les Troyens en simulant leur d\u00e9part : quelques Grecs cach\u00e9s dans un cheval de bois ouvriront les portes aux envahisseurs. &nbsp;<\/p>","protected":false},"author":2,"featured_media":1139,"comment_status":"open","ping_status":"closed","template":"","meta":{"_et_pb_use_builder":"on","_et_pb_old_content":"","_et_gb_content_width":"","footnotes":""},"project_category":[40],"project_tag":[],"class_list":["post-1161","project","type-project","status-publish","has-post-thumbnail","hentry","project_category-mythes-et-legendes"],"_links":{"self":[{"href":"https:\/\/jeanbruneau.com\/en\/wp-json\/wp\/v2\/project\/1161","targetHints":{"allow":["GET"]}}],"collection":[{"href":"https:\/\/jeanbruneau.com\/en\/wp-json\/wp\/v2\/project"}],"about":[{"href":"https:\/\/jeanbruneau.com\/en\/wp-json\/wp\/v2\/types\/project"}],"author":[{"embeddable":true,"href":"https:\/\/jeanbruneau.com\/en\/wp-json\/wp\/v2\/users\/2"}],"replies":[{"embeddable":true,"href":"https:\/\/jeanbruneau.com\/en\/wp-json\/wp\/v2\/comments?post=1161"}],"version-history":[{"count":4,"href":"https:\/\/jeanbruneau.com\/en\/wp-json\/wp\/v2\/project\/1161\/revisions"}],"predecessor-version":[{"id":2306,"href":"https:\/\/jeanbruneau.com\/en\/wp-json\/wp\/v2\/project\/1161\/revisions\/2306"}],"wp:featuredmedia":[{"embeddable":true,"href":"https:\/\/jeanbruneau.com\/en\/wp-json\/wp\/v2\/media\/1139"}],"wp:attachment":[{"href":"https:\/\/jeanbruneau.com\/en\/wp-json\/wp\/v2\/media?parent=1161"}],"wp:term":[{"taxonomy":"project_category","embeddable":true,"href":"https:\/\/jeanbruneau.com\/en\/wp-json\/wp\/v2\/project_category?post=1161"},{"taxonomy":"project_tag","embeddable":true,"href":"https:\/\/jeanbruneau.com\/en\/wp-json\/wp\/v2\/project_tag?post=1161"}],"curies":[{"name":"wp","href":"https:\/\/api.w.org\/{rel}","templated":true}]}}